{"id":464,"date":"2023-10-20T10:25:43","date_gmt":"2023-10-20T08:25:43","guid":{"rendered":"https:\/\/www.tranviasdezaragoza.es\/?page_id=464"},"modified":"2024-06-24T09:57:17","modified_gmt":"2024-06-24T07:57:17","slug":"tranvia-seguro","status":"publish","type":"page","link":"https:\/\/www.tranviasdezaragoza.es\/tranvia-seguro\/","title":{"rendered":"Tranv\u00eda Seguro"},"content":{"rendered":"<p>[et_pb_section fb_built=\u00bb1&#8243; admin_label=\u00bbfoto\u00bb _builder_version=\u00bb4.22.2&#8243; _module_preset=\u00bbdefault\u00bb custom_margin=\u00bb0px||0px||true|false\u00bb custom_padding=\u00bb0px||0px||true|false\u00bb global_colors_info=\u00bb{}\u00bb][et_pb_row admin_label=\u00bbFila\u00bb _builder_version=\u00bb4.22.2&#8243; _module_preset=\u00bbdefault\u00bb background_image=\u00bbhttps:\/\/www.tranviasdezaragoza.es\/wp-content\/uploads\/2023\/10\/fotografia_de_semaforo_verde_y_gente_cruzando-scaled.jpg\u00bb width=\u00bb100%\u00bb max_width=\u00bb100%\u00bb height=\u00bb300px\u00bb custom_margin=\u00bb0px||0px||true|false\u00bb custom_padding=\u00bb0px||0px||true|false\u00bb global_colors_info=\u00bb{}\u00bb][et_pb_column type=\u00bb4_4&#8243; _builder_version=\u00bb4.22.2&#8243; _module_preset=\u00bbdefault\u00bb global_colors_info=\u00bb{}\u00bb][\/et_pb_column][\/et_pb_row][\/et_pb_section][et_pb_section fb_built=\u00bb1&#8243; admin_label=\u00bbTitulo\u00bb _builder_version=\u00bb4.22.2&#8243; _module_preset=\u00bbdefault\u00bb global_colors_info=\u00bb{}\u00bb][et_pb_row make_equal=\u00bbon\u00bb admin_label=\u00bbtitulo\u00bb _builder_version=\u00bb4.22.2&#8243; _module_preset=\u00bbdefault\u00bb custom_padding=\u00bb||0px||false|false\u00bb custom_css_main_element=\u00bbalign-items:center;\u00bb global_colors_info=\u00bb{}\u00bb][et_pb_column type=\u00bb4_4&#8243; _builder_version=\u00bb4.22.2&#8243; _module_preset=\u00bbdefault\u00bb global_colors_info=\u00bb{}\u00bb][et_pb_text _builder_version=\u00bb4.22.2&#8243; _module_preset=\u00bbdefault\u00bb header_text_align=\u00bbcenter\u00bb custom_margin=\u00bb||0px||false|false\u00bb custom_padding=\u00bb||15px||false|false\u00bb global_colors_info=\u00bb{}\u00bb]<\/p>\n<h1>TRANV\u00cdA SEGURO<\/h1>\n<p>[\/et_pb_text][et_pb_divider divider_weight=\u00bb2px\u00bb _builder_version=\u00bb4.22.2&#8243; _module_preset=\u00bbdefault\u00bb width=\u00bb10%\u00bb max_width=\u00bb10%\u00bb module_alignment=\u00bbcenter\u00bb custom_margin=\u00bb0px||||false|false\u00bb custom_padding=\u00bb0px||||false|false\u00bb global_colors_info=\u00bb{}\u00bb][\/et_pb_divider][\/et_pb_column][\/et_pb_row][\/et_pb_section][et_pb_section fb_built=\u00bb1&#8243; _builder_version=\u00bb4.22.2&#8243; _module_preset=\u00bbdefault\u00bb custom_margin=\u00bb0px||||false|false\u00bb custom_padding=\u00bb0px||||false|false\u00bb global_colors_info=\u00bb{}\u00bb][et_pb_row column_structure=\u00bb1_2,1_2&#8243; use_custom_gutter=\u00bbon\u00bb gutter_width=\u00bb2&#8243; _builder_version=\u00bb4.22.2&#8243; _module_preset=\u00bbdefault\u00bb width=\u00bb95%\u00bb max_width=\u00bb100%\u00bb custom_margin=\u00bb0px||||false|false\u00bb custom_padding=\u00bb0px||||false|false\u00bb global_colors_info=\u00bb{}\u00bb][et_pb_column type=\u00bb1_2&#8243; _builder_version=\u00bb4.22.2&#8243; _module_preset=\u00bbdefault\u00bb global_colors_info=\u00bb{}\u00bb][et_pb_text _builder_version=\u00bb4.22.2&#8243; _module_preset=\u00bbdefault\u00bb text_text_color=\u00bb#DE2A26&#8243; text_font_size=\u00bb30px\u00bb text_line_height=\u00bb1.2em\u00bb global_colors_info=\u00bb{}\u00bb]<\/p>\n<p><span>Desde el inicio de pruebas de la L\u00ednea 1, el Tranv\u00eda de Zaragoza ha puesto en marcha una serie de iniciativas encaminadas a que los ciudadanos conozcan las claves de seguridad y convivencia con el nuevo medio de transporte.<\/span><\/p>\n<p>[\/et_pb_text][\/et_pb_column][et_pb_column type=\u00bb1_2&#8243; _builder_version=\u00bb4.22.2&#8243; _module_preset=\u00bbdefault\u00bb global_colors_info=\u00bb{}\u00bb][et_pb_image src=\u00bbhttps:\/\/www.tranviasdezaragoza.es\/wp-content\/uploads\/2023\/11\/tranvia-carlos-V.jpg\u00bb title_text=\u00bbtranvia-carlos-V\u00bb _builder_version=\u00bb4.22.2&#8243; _module_preset=\u00bbdefault\u00bb global_colors_info=\u00bb{}\u00bb][\/et_pb_image][\/et_pb_column][\/et_pb_row][et_pb_row column_structure=\u00bb1_3,1_3,1_3&#8243; use_custom_gutter=\u00bbon\u00bb gutter_width=\u00bb2&#8243; make_equal=\u00bbon\u00bb _builder_version=\u00bb4.22.2&#8243; _module_preset=\u00bbdefault\u00bb width=\u00bb95%\u00bb max_width=\u00bb100%\u00bb custom_margin=\u00bb||||false|false\u00bb custom_padding=\u00bb||||false|false\u00bb custom_css_main_element=\u00bbalign-items: flex-end;\u00bb global_colors_info=\u00bb{}\u00bb][et_pb_column type=\u00bb1_3&#8243; _builder_version=\u00bb4.22.2&#8243; _module_preset=\u00bbdefault\u00bb global_colors_info=\u00bb{}\u00bb][et_pb_text _builder_version=\u00bb4.22.2&#8243; _module_preset=\u00bbdefault\u00bb text_text_color=\u00bb#243033&#8243; header_2_font=\u00bb|300|||||||\u00bb header_2_text_color=\u00bb#243033&#8243; header_2_font_size=\u00bb55px\u00bb locked=\u00bboff\u00bb global_colors_info=\u00bb{}\u00bb]<\/p>\n<h2><span style=\"font-weight:normal;\">Charlas\u00a0<\/span>escolares.<\/h2>\n<p>[\/et_pb_text][et_pb_text _builder_version=\u00bb4.22.2&#8243; _module_preset=\u00bbdefault\u00bb global_colors_info=\u00bb{}\u00bb]<\/p>\n<p><span>Se han realiza<\/span><span>n anualmente en los centros escolares de Zaragoza<\/span><span>. Han participado m\u00e1s de <\/span><span>30<\/span><span>.000 ni\u00f1os, con actividades din\u00e1micas que presta<\/span><span>n<\/span><span> atenci\u00f3n a la seguridad vial, con consejos b\u00e1sicos para que los m\u00e1s peque\u00f1os viajen adecuadamente y tengan un comportamiento seguro en la v\u00eda p\u00fablica.<\/span><\/p>\n<p>[\/et_pb_text][et_pb_image src=\u00bbhttps:\/\/www.tranviasdezaragoza.es\/wp-content\/uploads\/2024\/06\/colegios-reducida.jpg\u00bb _builder_version=\u00bb4.22.2&#8243; _module_preset=\u00bbdefault\u00bb hover_enabled=\u00bb0&#8243; global_colors_info=\u00bb{}\u00bb title_text=\u00bbcolegios-reducida\u00bb sticky_enabled=\u00bb0&#8243;][\/et_pb_image][\/et_pb_column][et_pb_column type=\u00bb1_3&#8243; _builder_version=\u00bb4.22.2&#8243; _module_preset=\u00bbdefault\u00bb global_colors_info=\u00bb{}\u00bb][et_pb_text admin_label=\u00bbTexto\u00bb _builder_version=\u00bb4.22.2&#8243; _module_preset=\u00bbdefault\u00bb text_text_color=\u00bb#243033&#8243; header_2_font=\u00bb|300|||||||\u00bb header_2_text_color=\u00bb#243033&#8243; header_2_font_size=\u00bb55px\u00bb locked=\u00bboff\u00bb global_colors_info=\u00bb{}\u00bb]<\/p>\n<h2><span style=\"font-weight:normal;\">Colaboraci\u00f3n con\u00a0<\/span >polic\u00eda y bomberos.<\/h2>\n<p>[\/et_pb_text][et_pb_text _builder_version=\u00bb4.22.2&#8243; _module_preset=\u00bbdefault\u00bb global_colors_info=\u00bb{}\u00bb]<\/p>\n<p><span>Se han ofrecido charlas t\u00e9cnicas de formaci\u00f3n a m\u00e1s de 1.200 agentes de la Polic\u00eda Local y Bomberos. Tambi\u00e9n se han llevado a cabo distintos simulacros para la actuaci\u00f3n urgente en caso de accidentes. La relaci\u00f3n tanto con Polic\u00eda como con Bomberos es constante, y ambos cuentan con un plan de seguridad que ha sido elaborado conjuntamente con el Tranv\u00eda de Zaragoza.<\/span><\/p>\n<p>[\/et_pb_text][et_pb_image src=\u00bbhttps:\/\/www.tranviasdezaragoza.es\/wp-content\/uploads\/2024\/06\/bomberos-reducida.jpg\u00bb _builder_version=\u00bb4.22.2&#8243; _module_preset=\u00bbdefault\u00bb hover_enabled=\u00bb0&#8243; global_colors_info=\u00bb{}\u00bb title_text=\u00bbbomberos-reducida\u00bb sticky_enabled=\u00bb0&#8243;][\/et_pb_image][\/et_pb_column][et_pb_column type=\u00bb1_3&#8243; _builder_version=\u00bb4.22.2&#8243; _module_preset=\u00bbdefault\u00bb global_colors_info=\u00bb{}\u00bb][et_pb_text _builder_version=\u00bb4.22.2&#8243; _module_preset=\u00bbdefault\u00bb text_text_color=\u00bb#243033&#8243; header_2_font=\u00bb|300|||||||\u00bb header_2_text_color=\u00bb#243033&#8243; header_2_font_size=\u00bb55px\u00bb locked=\u00bboff\u00bb global_colors_info=\u00bb{}\u00bb]<\/p>\n<h2><span style=\"font-weight:normal;\">Sesiones para\u00a0<\/span >adultos.<\/h2>\n<p>[\/et_pb_text][et_pb_text _builder_version=\u00bb4.22.2&#8243; _module_preset=\u00bbdefault\u00bb global_colors_info=\u00bb{}\u00bb]<\/p>\n<p><span>La seguridad es una l\u00ednea prioritaria de actuaci\u00f3n, y a estas sesiones se han sumado charlas para adultos, impartidas en colaboraci\u00f3n con Stop Accidentes. Estas conferencias pasaron por el Punto de Informaci\u00f3n del Tranv\u00eda, asociaciones vecinales, juntas de distrito o centros de mayores. Asimismo, <\/span><span>se han realizado<\/span><span> charlas para personas mayores en centros de d\u00eda, residencias y otras instalaciones de la ciudad para este colectivo<\/span><span>, as\u00ed como colaboraciones como con la Universidad de la Experiencia de la USJ.<\/span><\/p>\n<p>[\/et_pb_text][et_pb_image src=\u00bbhttps:\/\/www.tranviasdezaragoza.es\/wp-content\/uploads\/2024\/06\/mayores-reducida.jpg\u00bb _builder_version=\u00bb4.22.2&#8243; _module_preset=\u00bbdefault\u00bb hover_enabled=\u00bb0&#8243; global_colors_info=\u00bb{}\u00bb title_text=\u00bbmayores-reducida\u00bb sticky_enabled=\u00bb0&#8243;][\/et_pb_image][\/et_pb_column][\/et_pb_row][\/et_pb_section]<\/p>\n","protected":false},"excerpt":{"rendered":"<p>TRANV\u00cdA SEGURODesde el inicio de pruebas de la L\u00ednea 1, el Tranv\u00eda de Zaragoza ha puesto en marcha una serie de iniciativas encaminadas a que los ciudadanos conozcan las claves de seguridad y convivencia con el nuevo medio de transporte.Charlas\u00a0escolares.Se han realizan anualmente en los centros escolares de Zaragoza. Han participado m\u00e1s de 30.000 ni\u00f1os, [&hellip;]<\/p>\n","protected":false},"author":2,"featured_media":0,"parent":0,"menu_order":0,"comment_status":"closed","ping_status":"closed","template":"","meta":{"_et_pb_use_builder":"on","_et_pb_old_content":"","_et_gb_content_width":"","footnotes":""},"class_list":["post-464","page","type-page","status-publish","hentry"],"_links":{"self":[{"href":"https:\/\/www.tranviasdezaragoza.es\/api\/wp\/v2\/pages\/464","targetHints":{"allow":["GET"]}}],"collection":[{"href":"https:\/\/www.tranviasdezaragoza.es\/api\/wp\/v2\/pages"}],"about":[{"href":"https:\/\/www.tranviasdezaragoza.es\/api\/wp\/v2\/types\/page"}],"author":[{"embeddable":true,"href":"https:\/\/www.tranviasdezaragoza.es\/api\/wp\/v2\/users\/2"}],"replies":[{"embeddable":true,"href":"https:\/\/www.tranviasdezaragoza.es\/api\/wp\/v2\/comments?post=464"}],"version-history":[{"count":0,"href":"https:\/\/www.tranviasdezaragoza.es\/api\/wp\/v2\/pages\/464\/revisions"}],"wp:attachment":[{"href":"https:\/\/www.tranviasdezaragoza.es\/api\/wp\/v2\/media?parent=464"}],"curies":[{"name":"wp","href":"https:\/\/api.w.org\/{rel}","templated":true}]}}