{"id":246,"date":"2023-10-17T13:19:36","date_gmt":"2023-10-17T11:19:36","guid":{"rendered":"https:\/\/www.tranviasdezaragoza.es\/?page_id=246"},"modified":"2024-07-08T11:20:26","modified_gmt":"2024-07-08T09:20:26","slug":"nuevos-tranvias","status":"publish","type":"page","link":"https:\/\/www.tranviasdezaragoza.es\/nuevos-tranvias\/","title":{"rendered":"Nuevos Tranv\u00edas"},"content":{"rendered":"<p>[et_pb_section fb_built=\u00bb1&#8243; admin_label=\u00bbFoto\u00bb _builder_version=\u00bb4.22.2&#8243; _module_preset=\u00bbdefault\u00bb custom_margin=\u00bb0px||0px||true|false\u00bb custom_padding=\u00bb0px||0px||true|false\u00bb global_colors_info=\u00bb{}\u00bb][et_pb_row admin_label=\u00bbFila\u00bb _builder_version=\u00bb4.22.2&#8243; _module_preset=\u00bbdefault\u00bb background_image=\u00bbhttps:\/\/www.tranviasdezaragoza.es\/wp-content\/uploads\/2023\/11\/4453.jpeg\u00bb width=\u00bb100%\u00bb max_width=\u00bb100%\u00bb height=\u00bb300px\u00bb height_tablet=\u00bb300px\u00bb height_phone=\u00bb100px\u00bb height_last_edited=\u00bbon|phone\u00bb custom_margin=\u00bb0px||0px||true|false\u00bb custom_padding=\u00bb0px||0px||true|false\u00bb collapsed=\u00bboff\u00bb global_colors_info=\u00bb{}\u00bb][et_pb_column type=\u00bb4_4&#8243; _builder_version=\u00bb4.22.2&#8243; _module_preset=\u00bbdefault\u00bb global_colors_info=\u00bb{}\u00bb][\/et_pb_column][\/et_pb_row][\/et_pb_section][et_pb_section fb_built=\u00bb1&#8243; _builder_version=\u00bb4.22.2&#8243; _module_preset=\u00bbdefault\u00bb global_colors_info=\u00bb{}\u00bb][et_pb_row make_equal=\u00bbon\u00bb admin_label=\u00bbtitulo\u00bb _builder_version=\u00bb4.22.2&#8243; _module_preset=\u00bbdefault\u00bb custom_padding=\u00bb||0px||false|false\u00bb custom_css_main_element=\u00bbalign-items:center;\u00bb collapsed=\u00bboff\u00bb global_colors_info=\u00bb{}\u00bb][et_pb_column type=\u00bb4_4&#8243; _builder_version=\u00bb4.22.2&#8243; _module_preset=\u00bbdefault\u00bb global_colors_info=\u00bb{}\u00bb][et_pb_text admin_label=\u00bbTexto\u00bb _builder_version=\u00bb4.22.2&#8243; _module_preset=\u00bbdefault\u00bb header_text_align=\u00bbcenter\u00bb custom_margin=\u00bb||0px||false|false\u00bb custom_padding=\u00bb||15px||false|false\u00bb global_colors_info=\u00bb{}\u00bb]<\/p>\n<h1>LOS NUEVOS TRANV\u00cdAS FINANCIADOS CON FONDOS EUROPEOS<\/h1>\n<p>[\/et_pb_text][et_pb_divider divider_weight=\u00bb2px\u00bb _builder_version=\u00bb4.22.2&#8243; _module_preset=\u00bbdefault\u00bb width=\u00bb10%\u00bb max_width=\u00bb10%\u00bb module_alignment=\u00bbcenter\u00bb custom_margin=\u00bb0px||||false|false\u00bb custom_padding=\u00bb0px||||false|false\u00bb global_colors_info=\u00bb{}\u00bb][\/et_pb_divider][\/et_pb_column][\/et_pb_row][\/et_pb_section][et_pb_section fb_built=\u00bb1&#8243; _builder_version=\u00bb4.22.2&#8243; _module_preset=\u00bbdefault\u00bb custom_margin=\u00bb0px||||false|false\u00bb custom_padding=\u00bb0px||||false|false\u00bb global_colors_info=\u00bb{}\u00bb][et_pb_row _builder_version=\u00bb4.22.2&#8243; _module_preset=\u00bbdefault\u00bb global_colors_info=\u00bb{}\u00bb][et_pb_column type=\u00bb4_4&#8243; _builder_version=\u00bb4.22.2&#8243; _module_preset=\u00bbdefault\u00bb global_colors_info=\u00bb{}\u00bb][et_pb_text _builder_version=\u00bb4.22.2&#8243; _module_preset=\u00bbdefault\u00bb global_colors_info=\u00bb{}\u00bb]<\/p>\n<p><span>El Ayuntamiento de Zaragoza aprob\u00f3 en 2022 la adquisici\u00f3n por parte de la <\/span><span>SEM Los Tranv\u00edas de <\/span><span>Zaragoza<\/span><span>, en el seno de la Concesi\u00f3n, de dos <\/span><span>nuevas <\/span><span>unidades <\/span><span>de tranv\u00eda, <\/span><span>sufragadas a<\/span><span> trav\u00e9s de <\/span><span>los Fondos Europeos.<\/span><\/p>\n<p><span>Estos <\/span><span>dos veh\u00edculos<\/span><span>, <\/span><span>que ahora se ponen en servicio tras su fabricaci\u00f3n y los diferentes tests realizados tanto en la planta de CAF como en las Cocheras del Tranv\u00eda de Zaragoza, <\/span><span>se suma<\/span><span>n<\/span><span> a los 21 que <\/span><span>hasta ahora <\/span><span>presta<\/span><span>ban<\/span><span> servicio en la L\u00ednea 1, <\/span><span>y van a servir<\/span><span> para mejorar la calidad del servicio, sobre todo en horas punta, <\/span><span>abriendo <\/span><span>m\u00e1s posibilidades en el caso de ser necesaria la circulaci\u00f3n con tranv\u00edas dobles, como se hace habitualmente en algunos horarios de fin de semana y festivos. De hecho, la consecuci\u00f3n de los <\/span><span>F<\/span><span>ondos <\/span><span>E<\/span><span>uropeos ha hecho posible esta mejora sustancial en el servicio, que no hubiera sido factible en circunstancias normales.<\/span><\/p>\n<p><span>La subvenci\u00f3n destinada a los tranv\u00edas ha ascendido a <\/span><span>8,38 millones de<\/span><span> euros y <\/span><span>supone alrededor del 90% de la inversi\u00f3n prevista.<\/span><span> <\/span><span>El encargo a CAF para la fabricaci\u00f3n de estas nuevas unidades se<\/span><span> ha llevado a cabo <\/span><span>bajo la supervisi\u00f3n t\u00e9cnica del Departamento de Planificaci\u00f3n y Dise\u00f1o de la Movilidad Urbana del Ayuntamiento de Zaragoza.<\/span><\/p>\n<p>[\/et_pb_text][\/et_pb_column][\/et_pb_row][et_pb_row column_structure=\u00bb1_2,1_2&#8243; _builder_version=\u00bb4.22.2&#8243; _module_preset=\u00bbdefault\u00bb global_colors_info=\u00bb{}\u00bb][et_pb_column type=\u00bb1_2&#8243; _builder_version=\u00bb4.22.2&#8243; _module_preset=\u00bbdefault\u00bb global_colors_info=\u00bb{}\u00bb][et_pb_text _builder_version=\u00bb4.22.2&#8243; _module_preset=\u00bbdefault\u00bb global_colors_info=\u00bb{}\u00bb]<\/p>\n<h2><strong><span class=\"s2\">AS\u00cd ES EL NUEVO <\/span>URBOS 100<\/strong><\/h2>\n<p><span>Las dos nuevas unidades<\/span><span> <\/span><span>se denominan URBOS 100, en alusi\u00f3n que son cien por cien accesibles. Suponen una evoluci\u00f3n tecnol\u00f3gica respecto a l<\/span><span>a<\/span><span>s actuales, ya que incorporan nuevos elementos <\/span><span>m\u00e1s <\/span><span>una d\u00e9cada despu\u00e9s de la fabricaci\u00f3n del URBOS 3 (las primeras unidades de este modelo se entregaron en Zaragoza en marzo de 2011). Mantienen, no obstante, su misma l\u00ednea conceptual de confort, dise\u00f1o, accesibilidad y completas prestaciones para los viajeros.<\/span> <strong>Las previsiones son que puedan entrar en funcionamiento en el primer semestre de 2024<\/strong>.<\/p>\n<p>[\/et_pb_text][\/et_pb_column][et_pb_column type=\u00bb1_2&#8243; _builder_version=\u00bb4.22.2&#8243; _module_preset=\u00bbdefault\u00bb global_colors_info=\u00bb{}\u00bb][et_pb_image src=\u00bbhttps:\/\/www.tranviasdezaragoza.es\/wp-content\/uploads\/2023\/11\/4445-tranvia-exterior.jpg\u00bb title_text=\u00bb4445-tranvia-exterior\u00bb _builder_version=\u00bb4.22.2&#8243; _module_preset=\u00bbdefault\u00bb global_colors_info=\u00bb{}\u00bb][\/et_pb_image][\/et_pb_column][\/et_pb_row][et_pb_row _builder_version=\u00bb4.22.2&#8243; _module_preset=\u00bbdefault\u00bb global_colors_info=\u00bb{}\u00bb][et_pb_column type=\u00bb4_4&#8243; _builder_version=\u00bb4.22.2&#8243; _module_preset=\u00bbdefault\u00bb global_colors_info=\u00bb{}\u00bb][et_pb_text _builder_version=\u00bb4.22.2&#8243; _module_preset=\u00bbdefault\u00bb text_text_color=\u00bb#243033&#8243; header_2_font=\u00bb|300|||||||\u00bb header_2_text_color=\u00bb#243033&#8243; header_2_font_size=\u00bb55px\u00bb locked=\u00bboff\u00bb global_colors_info=\u00bb{}\u00bb]<\/p>\n<h2><span style=\"font-weight: normal;\">Las principales caracter\u00edsticas de estos <\/span>nuevos tranv\u00edas son:<\/h2>\n<p>[\/et_pb_text][\/et_pb_column][\/et_pb_row][et_pb_row column_structure=\u00bb1_3,1_3,1_3&#8243; _builder_version=\u00bb4.22.2&#8243; _module_preset=\u00bbdefault\u00bb global_colors_info=\u00bb{}\u00bb][et_pb_column type=\u00bb1_3&#8243; _builder_version=\u00bb4.22.2&#8243; _module_preset=\u00bbdefault\u00bb global_colors_info=\u00bb{}\u00bb][et_pb_text _builder_version=\u00bb4.22.2&#8243; _module_preset=\u00bbdefault\u00bb global_colors_info=\u00bb{}\u00bb]<\/p>\n<h3><big><strong>Testero<\/strong><\/big><\/h3>\n<p><span>El testero o parte delantera de los trenes, donde se ubica la cabina de conducci\u00f3n, se ha modificado de acuerdo con la normativa UNE EN 15.227\/2021. Esta modificaci\u00f3n permite mayor capacidad de absorci\u00f3n de la energ\u00eda de choque, a la vez que incrementa la longitud de la unidad en 692mm. Como consecuencia del mayor tama\u00f1o del testero se mejora visibilidad y la seguridad en la circulaci\u00f3n en marcha a la vista.<\/span><\/p>\n<p>[\/et_pb_text][\/et_pb_column][et_pb_column type=\u00bb1_3&#8243; _builder_version=\u00bb4.22.2&#8243; _module_preset=\u00bbdefault\u00bb global_colors_info=\u00bb{}\u00bb][et_pb_text _builder_version=\u00bb4.22.2&#8243; _module_preset=\u00bbdefault\u00bb global_colors_info=\u00bb{}\u00bb]<\/p>\n<h3><big><strong>M\u00e1s ventanas abatibles para los pasajeros<\/strong><\/big><\/h3>\n<p>Los nuevos modelos incorporan dos ventanas abatibles en el m\u00f3dulo suspendido (segundo y cuarto m\u00f3dulo de los cinco que consta el tranv\u00eda), de tal manera que se incrementa de 4 a 8 las ventanas abatibles sobre las superficies acristaladas del tren, permitiendo en el caso que sea necesario una mayor incorporaci\u00f3n de aire exterior.<\/p>\n<p>[\/et_pb_text][\/et_pb_column][et_pb_column type=\u00bb1_3&#8243; _builder_version=\u00bb4.22.2&#8243; _module_preset=\u00bbdefault\u00bb global_colors_info=\u00bb{}\u00bb][et_pb_text _builder_version=\u00bb4.22.2&#8243; _module_preset=\u00bbdefault\u00bb global_colors_info=\u00bb{}\u00bb]<\/p>\n<h3><big><strong>Nuevos sistemas de almacenamiento el\u00e9ctrico<\/strong><\/big><\/h3>\n<p><span>El equipo de carga <\/span><span>ha sido<\/span><span> totalmente renovado. El modelo actual, compuesto por ultra capacitores con bater\u00edas de n\u00edquel e hidruros met\u00e1licos, se <\/span><span>ha reemplazado<\/span><span> por nuevos ultra capacitores con bater\u00edas de ion de litio, que son m\u00e1s livianos y se cargan y descargan m\u00e1s r\u00e1pidamente. Asimismo, se <\/span><span>han reemplazado<\/span><span> las unidades de control y su electr\u00f3nica respecto al modelo anterior.<\/span><\/p>\n<p>[\/et_pb_text][\/et_pb_column][\/et_pb_row][et_pb_row column_structure=\u00bb1_3,1_3,1_3&#8243; _builder_version=\u00bb4.22.2&#8243; _module_preset=\u00bbdefault\u00bb global_colors_info=\u00bb{}\u00bb][et_pb_column type=\u00bb1_3&#8243; _builder_version=\u00bb4.22.2&#8243; _module_preset=\u00bbdefault\u00bb global_colors_info=\u00bb{}\u00bb][et_pb_text _builder_version=\u00bb4.22.2&#8243; _module_preset=\u00bbdefault\u00bb global_colors_info=\u00bb{}\u00bb]<\/p>\n<h3><big><strong>Eliminaci\u00f3n escal\u00f3n de asiento por el bogie<\/strong><\/big><\/h3>\n<p><span>El redise\u00f1o interior incluye la eliminaci\u00f3n del escal\u00f3n existente en la zona de asientos del URBOS 3 en el m\u00f3dulo <\/span><span>central, \u00a0lo<\/span><span> que mejora la accesibilidad y el confort de los pasajeros. La eliminaci\u00f3n del escal\u00f3n implica la eliminaci\u00f3n de la secci\u00f3n vertical del pavimento que cubre este desnivel.<\/span><\/p>\n<p>[\/et_pb_text][\/et_pb_column][et_pb_column type=\u00bb1_3&#8243; _builder_version=\u00bb4.22.2&#8243; _module_preset=\u00bbdefault\u00bb global_colors_info=\u00bb{}\u00bb][et_pb_text _builder_version=\u00bb4.22.2&#8243; _module_preset=\u00bbdefault\u00bb global_colors_info=\u00bb{}\u00bb]<\/p>\n<h3><big><strong>Asientos de pasajeros<\/strong><\/big><\/h3>\n<p><span>Los asientos de los pasajeros se modifican con respecto al URBOS 3. Los nuevos asientos son de Pl\u00e1stico Reforzado con Fibra de Vidrio (PRFV) pintado en color similar al resto de tranv\u00edas. Se mantienen los espacios reservados para sillas de ruedas. La capacidad de las nuevas unidades es la misma que las unidades <\/span><span>hasta ahora <\/span><span>en servicio, con 48 plazas sentadas y las <\/span><span>zonas \u00a0PMR<\/span><span> ya existentes.<\/span><\/p>\n<p>[\/et_pb_text][\/et_pb_column][et_pb_column type=\u00bb1_3&#8243; _builder_version=\u00bb4.22.2&#8243; _module_preset=\u00bbdefault\u00bb global_colors_info=\u00bb{}\u00bb][et_pb_text _builder_version=\u00bb4.22.2&#8243; _module_preset=\u00bbdefault\u00bb global_colors_info=\u00bb{}\u00bb]<\/p>\n<h3><big><strong>Seis pantallas TFT<\/strong><\/big><\/h3>\n<p><span>El sistema de Informaci\u00f3n al Viajero embarcada se modifica respecto a lo que equipan los URBOS 3. La modificaci\u00f3n responde, por un lado, a la necesidad de adaptar la ubicaci\u00f3n de las pantallas a la nueva distribuci\u00f3n de asideros y, por otro, a la generaci\u00f3n de una superficie apta para la colocaci\u00f3n de pantallas informativas, que s<\/span><span>on<\/span><span> TFT y de mayor superficie que las actuales.<\/span><\/p>\n<p>[\/et_pb_text][\/et_pb_column][\/et_pb_row][et_pb_row column_structure=\u00bb1_3,1_3,1_3&#8243; _builder_version=\u00bb4.22.2&#8243; _module_preset=\u00bbdefault\u00bb global_colors_info=\u00bb{}\u00bb][et_pb_column type=\u00bb1_3&#8243; _builder_version=\u00bb4.22.2&#8243; _module_preset=\u00bbdefault\u00bb global_colors_info=\u00bb{}\u00bb][et_pb_text _builder_version=\u00bb4.22.2&#8243; _module_preset=\u00bbdefault\u00bb global_colors_info=\u00bb{}\u00bb]<\/p>\n<h3><big><strong>Ventanas en cabina<\/strong><\/big><\/h3>\n<p><span>Como consecuencia del redise\u00f1o del testero, la cabina de conducci\u00f3n incorpora una ventana deslizante de mayor tama\u00f1o que las actuales del URBOS 3, mejorando la seguridad en la conducci\u00f3n. Asimismo, por operatividad con la instalaci\u00f3n en cabina de un armario de sistemas, se reduc<\/span><span>e<\/span><span> la superficie acristalada que separa esta de la zona de pasajeros. Esta modificaci\u00f3n no impide en absoluto la visi\u00f3n por parte del conductor, ya que el interior de la zona de pasajeros se visualiza mediante las c\u00e1maras interiores y el monitor correspondiente dentro de la cabina.<\/span><\/p>\n<p>[\/et_pb_text][\/et_pb_column][et_pb_column type=\u00bb1_3&#8243; _builder_version=\u00bb4.22.2&#8243; _module_preset=\u00bbdefault\u00bb global_colors_info=\u00bb{}\u00bb][et_pb_text _builder_version=\u00bb4.22.2&#8243; _module_preset=\u00bbdefault\u00bb global_colors_info=\u00bb{}\u00bb]<\/p>\n<h3><big><strong>Asideros<\/strong><\/big><\/h3>\n<p><span>La geometr\u00eda que define los actuales asideros del URBOS 3 se ha redise\u00f1ado en este nuevo modelo de URBOS 100, aportando nuevos asideros verticales y aumentando las superficies de apoyo para los pasajeros y, por lo <\/span><span>tanto, \u00a0mejorando<\/span><span> la seguridad y accesibilidad de los mismos. Los asideros son del mismo color rojo, con <\/span><span>el contrastes crom\u00e1ticos ajustados<\/span><span> a personas con visi\u00f3n reducida.<\/span><\/p>\n<p><span>Un aspecto importante de la nueva disposici\u00f3n de las barras es el giro de 90\u00ba del asidero central de los m\u00f3dulos S (suspendido, coches 2 y 4).<\/span><\/p>\n<p><span>Los suelos son de caucho, con elevada resistencia al deslizamiento.<\/span><\/p>\n<p>[\/et_pb_text][\/et_pb_column][et_pb_column type=\u00bb1_3&#8243; _builder_version=\u00bb4.22.2&#8243; _module_preset=\u00bbdefault\u00bb global_colors_info=\u00bb{}\u00bb][et_pb_text _builder_version=\u00bb4.22.2&#8243; _module_preset=\u00bbdefault\u00bb global_colors_info=\u00bb{}\u00bb]<\/p>\n<h3><big><strong>Filtros y ventilaci\u00f3n<\/strong><\/big><\/h3>\n<p><span>Con el aprendizaje adquirido durante la pandemia, las dos nuevas unidades del tranv\u00eda incorporan de inicio las medidas de seguridad implementadas progresivamente en los tranv\u00edas actuales, encaminadas a mejorar la calidad del aire en el interior del transporte p\u00fablico. As\u00ed, los filtros instalados en la climatizaci\u00f3n c<\/span><span>uentan<\/span><span> con la homologaci\u00f3n PM2,5, lo que implica un filtrado superior de part\u00edculas que los convencionales. Del mismo modo, se incorpora el tratamiento de superficies con nanopart\u00edculas Nanocare, que elimina tanto virus como bacterias y otros microorganismos de asideros, asientos, etc.<\/span><\/p>\n<p><span>Otra de las novedades es que los sistemas de climatizaci\u00f3n c<\/span><span>uentan<\/span><span> con sus propios medidores de CO2, lo que permit<\/span><span>e<\/span><span> conocer con precisi\u00f3n su nivel en el aire y comprobar que se mantiene en valores adecuados para los viajeros.<\/span><\/p>\n<p>[\/et_pb_text][\/et_pb_column][\/et_pb_row][\/et_pb_section]<\/p>\n","protected":false},"excerpt":{"rendered":"<p>LOS NUEVOS TRANV\u00cdAS FINANCIADOS CON FONDOS EUROPEOSEl Ayuntamiento de Zaragoza aprob\u00f3 en 2022 la adquisici\u00f3n por parte de la SEM Los Tranv\u00edas de Zaragoza, en el seno de la Concesi\u00f3n, de dos nuevas unidades de tranv\u00eda, sufragadas a trav\u00e9s de los Fondos Europeos. Estos dos veh\u00edculos, que ahora se ponen en servicio tras su fabricaci\u00f3n [&hellip;]<\/p>\n","protected":false},"author":2,"featured_media":0,"parent":0,"menu_order":0,"comment_status":"closed","ping_status":"closed","template":"","meta":{"_et_pb_use_builder":"on","_et_pb_old_content":"","_et_gb_content_width":"","footnotes":""},"class_list":["post-246","page","type-page","status-publish","hentry"],"_links":{"self":[{"href":"https:\/\/www.tranviasdezaragoza.es\/api\/wp\/v2\/pages\/246","targetHints":{"allow":["GET"]}}],"collection":[{"href":"https:\/\/www.tranviasdezaragoza.es\/api\/wp\/v2\/pages"}],"about":[{"href":"https:\/\/www.tranviasdezaragoza.es\/api\/wp\/v2\/types\/page"}],"author":[{"embeddable":true,"href":"https:\/\/www.tranviasdezaragoza.es\/api\/wp\/v2\/users\/2"}],"replies":[{"embeddable":true,"href":"https:\/\/www.tranviasdezaragoza.es\/api\/wp\/v2\/comments?post=246"}],"version-history":[{"count":0,"href":"https:\/\/www.tranviasdezaragoza.es\/api\/wp\/v2\/pages\/246\/revisions"}],"wp:attachment":[{"href":"https:\/\/www.tranviasdezaragoza.es\/api\/wp\/v2\/media?parent=246"}],"curies":[{"name":"wp","href":"https:\/\/api.w.org\/{rel}","templated":true}]}}